{"id":2551,"date":"2024-09-02T13:45:31","date_gmt":"2024-09-02T11:45:31","guid":{"rendered":"https:\/\/www.spagnolcucine.it\/?page_id=2551"},"modified":"2024-09-11T14:42:51","modified_gmt":"2024-09-11T12:42:51","slug":"entreprise","status":"publish","type":"page","link":"https:\/\/www.spagnolcucine.it\/fr\/entreprise\/","title":{"rendered":"Entreprise"},"content":{"rendered":"\n<script>\njQuery(function(){\n    jQuery('.custom-scroller-spagnol').prependTo('#smooth-wrapper');\n});\n\n$(document).ready(function () {\n  let timeoutId; \/\/ Variabile per tenere traccia del timeout\n\n  function checkVisibility() {\n    $('.spagnol-black').each(function () {\n      var $element = $(this);\n      var elementBottom = $element.offset().top + $element.outerHeight();\n      var viewportTop = $(window).scrollTop();\n\n      \/\/ Controlla se il fondo dell'elemento tocca la parte superiore del viewport\n      if (elementBottom <= viewportTop) {\n        \/\/ Se \u00e8 gi\u00e0 stato impostato un timeout, lo cancelliamo\n        if (!timeoutId) {\n          \/\/ Imposta un timeout per applicare la classe dopo 500ms\n          timeoutId = setTimeout(function () {\n            jQuery(\".custom-scroller-spagnol\").addClass('d-none'); \/\/ Aggiungi d-none dopo 500ms\n        jQuery(\".fix-spacing-spagnol\").addClass('fix-spacing');\n            timeoutId = null; \/\/ Resetta il timeout\n          }, 500); \/\/ Ritardo di 500ms\n        }\n      } else {\n        \/\/ Se l'elemento \u00e8 visibile prima che scada il timeout, rimuovi d-none e cancella il timeout\n        clearTimeout(timeoutId);\n        timeoutId = null; \/\/ Resetta il timeout\n        jQuery(\".custom-scroller-spagnol\").removeClass('d-none');\n        jQuery(\".fix-spacing-spagnol\").removeClass('fix-spacing');\n      }\n    });\n  }\n\n  \/\/ Esegui il controllo all'inizio\n  checkVisibility();\n\n  \/\/ Esegui il controllo durante lo scroll e resize\n  $(window).on('scroll resize', function () {\n    checkVisibility();\n  });\n});\n<\/script>\n<style>\n.main-footer{min-height:180vh !important}\n.fix-spacing{margin-top:100vh !important;}\n.custom-scroller-spagnol{\n    z-index: 0;\nbackground-image: url('https:\/\/www.spagnolcucine.it\/wp-content\/uploads\/2024\/09\/cucina-sfondo-1.jpg');\n    background-attachment: fixed;\n    background-position: 50% 50%;\n    background-repeat: no-repeat;\n    background-size: cover;\n}<\/style>\n<div class=\"vh-100 w-100 d-flex align-items-center justify-content-center d-flex custom-scroller-spagnol\"><h1 class=\"wp-block-heading has-text-align-center title-cover\"><strong>Le savoir-faire d'un district.\n<br>La force d'un groupe.<\/strong><\/h1><\/div>\n\n\n\n<div class=\"wp-block-group parallax\"><\/div>\n\n\n\n<article id=\"section-black\" class=\"wp-block-group fix-spacing-spagnol has-black-background-color has-background\" style=\"margin-top:0;margin-bottom:0;padding-top:1.3rem;padding-bottom:1.3rem\">\n<div style=\"height:30px\" aria-hidden=\"true\" class=\"wp-block-spacer\"><\/div>\n\n\n\n<p><\/p>\n\n\n\n<div class=\"wp-block-group is-style-container has-white-color has-text-color\">\n<div style=\"height:30px\" aria-hidden=\"true\" class=\"wp-block-spacer\"><\/div>\n\n\n\n<div class=\"wp-block-columns\">\n<div class=\"wp-block-column\">\n<h2 class=\"wp-block-heading\">Vision<\/h2>\n\n\n\n<p class=\"is-style-NeueHaasDisplay\" style=\"font-size:18px\">R\u00e9aliser des environnements de vie modulaires, extr\u00eamement personnalisables, dans lequel chaque personne peut exprimer et vivre au mieux sa taille.<\/p>\n<\/div>\n\n\n\n<div class=\"wp-block-column\">\n<h2 class=\"wp-block-heading\">Mission<\/h2>\n\n\n\n<p style=\"font-size:18px\">Valoriser la fabrication italienne gr\u00e2ce \u00e0 une recherche constante de mat\u00e9riaux innovants et durables, en privil\u00e9giant l\u2019\u00e9thique et le bien-\u00eatre des personnes \u00e0 tous les choix organisationnels et productifs d'entreprises.<\/p>\n<\/div>\n<\/div>\n\n\n\n<figure class=\"wp-block-video aligncenter video-cover w-desk-70 has-black-background-color\" style=\"margin-top:var(--wp--preset--spacing--60);margin-bottom:var(--wp--preset--spacing--60)\"><video height=\"864\" style=\"aspect-ratio: 1536 \/ 864;\" width=\"1536\" autoplay controls loop muted src=\"https:\/\/www.spagnolcucine.it\/wp-content\/uploads\/2024\/09\/spagnol-cucine-about.mp4\" playsinline><\/video><\/figure>\n\n\n\n<div class=\"spagnol-black\"><\/div>\n\n\n\n<div style=\"height:100px\" aria-hidden=\"true\" class=\"wp-block-spacer\"><\/div>\n<\/div>\n<\/article>\n\n\n\n<div class=\"wp-block-group TimelineHorizontalScrollWrapper bg-white\">\n<div class=\"wp-block-group TimelineHorizontalScroll\">\n<div class=\"wp-block-group TimelineHorizontalScroll_Slide TimelineHorizontalScroll_Slide1\">\n<div style=\"height:60px\" aria-hidden=\"true\" class=\"wp-block-spacer\"><\/div>\n\n\n\n<div class=\"wp-block-group is-style-container bg-white\">\n<p><strong>Entreprise \/ La zone<\/strong><\/p>\n\n\n\n<div style=\"height:30px\" aria-hidden=\"true\" class=\"wp-block-spacer\"><\/div>\n\n\n\n<div class=\"wp-block-columns\">\n<div class=\"wp-block-column\">\n<p class=\"is-style-NeueHaasDisplay has-large-font-size\"><strong>De la petite r\u00e9alit\u00e9 locale \u00e0 l'entreprise internationale.<\/strong><\/p>\n\n\n\n<div style=\"height:30px\" aria-hidden=\"true\" class=\"wp-block-spacer\"><\/div>\n\n\n\n<p>Dans les ann\u00e9es cinquante, dans une r\u00e9gion connue et renomm\u00e9e dans le monde entier comme l'un des principaux districts du bois et de l'ameublement, les fr\u00e8res Mario et Antonio Spagnol jettent les bases de ce qui deviendra un important groupe industriel international.<\/p>\n\n\n\n<p>Une entreprise qui part du sous-sol de la maison paternelle, en mettant de plus en plus l'accent sur une vision entrepreneuriale pr\u00e9cise faite de comp\u00e9tences, de passion et de savoir-faire artisanal.<\/p>\n<\/div>\n\n\n\n<div class=\"wp-block-column\">\n<figure class=\"wp-block-image size-full\"><img loading=\"lazy\" decoding=\"async\" width=\"787\" height=\"503\" src=\"https:\/\/www.spagnolcucine.it\/wp-content\/uploads\/2023\/07\/spagnol-timeline-1.jpg\" alt=\"Da piccola realt\u00e0 locale\nad azienda internazionale\" class=\"wp-image-356\" srcset=\"https:\/\/www.spagnolcucine.it\/wp-content\/uploads\/2023\/07\/spagnol-timeline-1.jpg 787w, https:\/\/www.spagnolcucine.it\/wp-content\/uploads\/2023\/07\/spagnol-timeline-1-768x491.jpg 768w, https:\/\/www.spagnolcucine.it\/wp-content\/uploads\/2023\/07\/spagnol-timeline-1-300x192.jpg 300w\" sizes=\"auto, (max-width: 787px) 100vw, 787px\" \/><\/figure>\n\n\n\n<div style=\"height:30px\" aria-hidden=\"true\" class=\"wp-block-spacer\"><\/div>\n\n\n\n<p>Le savoir-faire acquis dans ce centre de production particulier, associ\u00e9 \u00e0 une grande exp\u00e9rience dans la conception et la r\u00e9alisation d'ouvrages de menuiserie, pousse les deux fr\u00e8res \u00e0 assembler les premiers compl\u00e9ments d\u2019ameublement sur mesure.<\/p>\n<\/div>\n<\/div>\n<\/div>\n\n\n\n<svg class=\"SVGTimeline\" xmlns=\"http:\/\/www.w3.org\/2000\/svg\" width=\"1920\" height=\"284.001\" viewBox=\"0 0 1920 284.001\">\r\n  <g id=\"timeline-1\" transform=\"translate(10580 14889)\">\r\n    <rect id=\"Rettangolo_251\" data-name=\"Rettangolo 251\" width=\"1920\" height=\"284\" transform=\"translate(-10580 -14889)\" fill=\"none\"\/>\r\n    <path id=\"Tracciato_768\" data-name=\"Tracciato 768\" d=\"M0,0H1920\" transform=\"translate(-10580 -14615)\" fill=\"none\" stroke=\"#000\" stroke-width=\"1\"\/>\r\n    <path id=\"Tracciato_766\" data-name=\"Tracciato 766\" d=\"M15.12-39.384H10.368c0-3.528,1.08-6.048,4.752-7.272v-4.752A11.574,11.574,0,0,0,4.9-39.312V-28.3H15.12ZM55.368-50.4H27.216L22.248-22.536h9.216c2.016-2.736,4.032-4.032,7.7-4.032,5.472,0,8.712,4.176,8.712,9.432,0,5.04-3.384,9.72-8.712,9.72a8.142,8.142,0,0,1-8.28-7.56H20.664c.144,10.584,8.928,15.984,18.72,15.984A18.2,18.2,0,0,0,58.1-17.136c0-9.432-5.616-17.136-15.552-17.136a12.814,12.814,0,0,0-9.864,3.888l-.144-.144L34.56-41.976H55.368Zm5.544,24.984c0,20.088,8.5,26.424,18.432,26.424,10.08,0,18.576-6.336,18.576-26.424,0-19.656-8.5-25.992-18.576-25.992C69.408-51.408,60.912-45.072,60.912-25.416Zm10.224,0c0-5.256,0-17.568,8.208-17.568,8.352,0,8.352,12.312,8.352,17.568,0,5.688,0,18-8.352,18C71.136-7.416,71.136-19.728,71.136-25.416Z\" transform=\"translate(-10294.404 -14641.474)\"\/>\r\n    <path id=\"Tracciato_764\" data-name=\"Tracciato 764\" d=\"M1523.7,2784.376a10,10,0,1,1-10-10,10,10,0,0,1,10,10\" transform=\"translate(-11756.704 -17399.375)\" fill=\"#e52a31\"\/>\r\n  <\/g>\r\n<\/svg>\n<\/div>\n\n\n\n<div class=\"wp-block-group TimelineHorizontalScroll_Slide TimelineHorizontalScroll_Slide2\">\n<div style=\"height:60px\" aria-hidden=\"true\" class=\"wp-block-spacer\"><\/div>\n\n\n\n<div class=\"wp-block-group is-style-container bg-white\">\n<p><strong>Entreprise \/ La zone<\/strong><\/p>\n\n\n\n<div style=\"height:30px\" aria-hidden=\"true\" class=\"wp-block-spacer\"><\/div>\n\n\n\n<div class=\"wp-block-columns\">\n<div class=\"wp-block-column\">\n<p>Gr\u00e2ce au succ\u00e8s obtenu, il est rapidement devenu n\u00e9cessaire d'acheter un petit b\u00e2timent et d'impliquer d'autres artisans et professionnels.<\/p>\n\n\n\n<p>Plusieurs d'entre eux collaborent encoreaujourd'hui avec l\u2019entreprise en tant que gardiens inestimables de ces savoirs, arts et traditions qui ont contribu\u00e9 \u00e0 rendre le district si c\u00e9l\u00e8bre et appr\u00e9ci\u00e9 dans le monde entier.<\/p>\n<\/div>\n\n\n\n<div class=\"wp-block-column\">\n<figure class=\"wp-block-image size-full\"><img loading=\"lazy\" decoding=\"async\" width=\"900\" height=\"700\" src=\"https:\/\/www.spagnolcucine.it\/wp-content\/uploads\/2023\/07\/spagnol-primo-stabilimento.jpg\" alt=\"Azienda storica\" class=\"wp-image-368\" srcset=\"https:\/\/www.spagnolcucine.it\/wp-content\/uploads\/2023\/07\/spagnol-primo-stabilimento.jpg 900w, https:\/\/www.spagnolcucine.it\/wp-content\/uploads\/2023\/07\/spagnol-primo-stabilimento-768x597.jpg 768w, https:\/\/www.spagnolcucine.it\/wp-content\/uploads\/2023\/07\/spagnol-primo-stabilimento-300x233.jpg 300w\" sizes=\"auto, (max-width: 900px) 100vw, 900px\" \/><\/figure>\n\n\n\n<div style=\"height:30px\" aria-hidden=\"true\" class=\"wp-block-spacer\"><\/div>\n\n\n\n<p class=\"has-text-align-right\">Premier b\u00e2timent de production<\/p>\n<\/div>\n<\/div>\n<\/div>\n\n\n\n<svg class=\"SVGTimeline\" xmlns=\"http:\/\/www.w3.org\/2000\/svg\" width=\"1920\" height=\"284.001\" viewBox=\"0 0 1920 284.001\">\r\n  <g id=\"timeline-2\" transform=\"translate(8583 14889)\">\r\n    <rect id=\"Rettangolo_257\" data-name=\"Rettangolo 257\" width=\"1920\" height=\"284\" transform=\"translate(-8583 -14889)\" fill=\"none\"\/>\r\n    <path id=\"Tracciato_769\" data-name=\"Tracciato 769\" d=\"M0-.512,1181.521.2,1013.14-260.513H1920\" transform=\"translate(-8583 -14614.486)\" fill=\"none\" stroke=\"#000\" stroke-width=\"1\"\/>\r\n    <path id=\"Tracciato_771\" data-name=\"Tracciato 771\" d=\"M1523.7,2784.376a10,10,0,1,1-10-10,10,10,0,0,1,10,10\" transform=\"translate(-9759.704 -17399.375)\" fill=\"#e52a31\"\/>\r\n    <path id=\"Tracciato_772\" data-name=\"Tracciato 772\" d=\"M28.224-50.4H20.088c-1.08,7.7-7.632,10.152-14.76,10.008v7.7H18V0H28.224ZM41.76-12.96C42.912-4.1,49.392,1.008,58.1,1.008c14.328,0,19.8-14.04,19.8-26.352,0-12.744-4.1-26.064-19.368-26.064-10.512,0-17.64,8.136-17.64,18.432a17.343,17.343,0,0,0,3.888,11.232A16.1,16.1,0,0,0,56.376-16.56c4.9,0,8.568-1.656,11.376-5.616l.144.144C67.608-16.416,65.664-6.7,58.248-6.7c-3.528,0-6.12-2.88-6.768-6.264Zm17.064-11.3c-5.256,0-7.7-4.752-7.7-9.5,0-4.536,2.808-9.216,7.7-9.216,5.112,0,8.136,4.68,8.136,9.36C66.96-28.656,64.3-24.264,58.824-24.264Zm57.6-13.176c-1.152-8.856-7.632-13.968-16.344-13.968-14.328,0-19.8,14.04-19.8,26.352,0,12.744,4.1,26.064,19.368,26.064,10.512,0,17.64-8.136,17.64-18.432A17.343,17.343,0,0,0,113.4-28.656a16.1,16.1,0,0,0-11.592-5.184c-4.9,0-8.568,1.656-11.376,5.616l-.144-.144C90.576-33.984,92.52-43.7,99.936-43.7c3.528,0,6.12,2.88,6.768,6.264ZM99.36-26.136c5.256,0,7.7,4.752,7.7,9.5,0,4.536-2.808,9.216-7.7,9.216-5.112,0-8.136-4.68-8.136-9.36C91.224-21.744,93.888-26.136,99.36-26.136Zm30.024,10.872c0-5.184,3.96-7.992,8.928-7.992,4.752,0,8.64,3.24,8.64,8.064a8.283,8.283,0,0,1-8.64,8.5C133.416-6.7,129.384-10.08,129.384-15.264Zm-8.136-22.392c0,4.968,2.52,9,7.416,10.368v.144c-5.9,1.44-9.5,5.976-9.5,12.384,0,10.872,9.432,15.768,19.152,15.768,9.36,0,18.864-5.256,18.864-15.84,0-6.336-3.456-10.944-9.432-12.312v-.144c4.752-1.584,7.344-5.616,7.344-10.584,0-4.9-4.32-13.536-16.848-13.536C130.032-51.408,121.248-46.728,121.248-37.656Zm9.288.936c0-4.464,3.6-6.984,7.7-6.984,6.336,0,7.56,4.392,7.56,6.984,0,4.32-3.384,6.624-7.56,6.624C134.136-30.1,130.536-32.328,130.536-36.72Z\" transform=\"translate(-8327.252 -14641.476)\"\/>\r\n  <\/g>\r\n<\/svg>\n<\/div>\n\n\n\n<div class=\"wp-block-group TimelineHorizontalScroll_Slide TimelineHorizontalScroll_Slide3 bg-white has-palette-2-background-color has-background\">\n<div class=\"wp-block-media-text alignwide has-media-on-the-right is-stacked-on-mobile is-vertically-aligned-top\"><div class=\"wp-block-media-text__content\">\n<div style=\"height:60px\" aria-hidden=\"true\" class=\"wp-block-spacer\"><\/div>\n\n\n\n<p><strong>Entreprise \/ La zone<\/strong><\/p>\n\n\n\n<p class=\"is-style-NeueHaasDisplay has-large-font-size\"><strong>\u00c9volution du \"Gruppo Industriale Spagnol<\/strong>\"<\/p>\n\n\n\n<p>Apr\u00e8s la production de meubles pour le salon, au fil des ans, Spagnol Group a \u00e9largi et d\u00e9velopp\u00e9 son offre gr\u00e2ce \u00e0 l\u2019acquisition et au d\u00e9marrage de nouvelles divisions et industries pour permettre \u00e0 ses clients de retrouver la m\u00eame garantie de qualit\u00e9, de cr\u00e9ativit\u00e9 et de go\u00fbt appliqu\u00e9e \u00e0 d'autres environnements de leur maison.<\/p>\n<\/div><figure class=\"wp-block-media-text__media\"><img loading=\"lazy\" decoding=\"async\" width=\"969\" height=\"1080\" src=\"https:\/\/www.spagnolcucine.it\/wp-content\/uploads\/2023\/07\/evoluzione-industriale.jpg\" alt=\"Gruppo Industriale Spagnol\" class=\"wp-image-373 size-full\" srcset=\"https:\/\/www.spagnolcucine.it\/wp-content\/uploads\/2023\/07\/evoluzione-industriale.jpg 969w, https:\/\/www.spagnolcucine.it\/wp-content\/uploads\/2023\/07\/evoluzione-industriale-768x856.jpg 768w, https:\/\/www.spagnolcucine.it\/wp-content\/uploads\/2023\/07\/evoluzione-industriale-269x300.jpg 269w, https:\/\/www.spagnolcucine.it\/wp-content\/uploads\/2023\/07\/evoluzione-industriale-628x700.jpg 628w\" sizes=\"auto, (max-width: 969px) 100vw, 969px\" \/><\/figure><\/div>\n\n\n\n<svg class=\"SVGTimeline\" xmlns=\"http:\/\/www.w3.org\/2000\/svg\" width=\"1920\" height=\"544\" viewBox=\"0 0 1920 544\">\r\n  <g id=\"timeline-3\" transform=\"translate(6586 15149)\">\r\n    <rect id=\"Rettangolo_251\" data-name=\"Rettangolo 251\" width=\"1920\" height=\"544\" transform=\"translate(-6586 -15149)\" fill=\"none\"\/>\r\n    <path id=\"Tracciato_768\" data-name=\"Tracciato 768\" d=\"M0,0H1920\" transform=\"translate(-6586 -14875)\" fill=\"none\" stroke=\"#000\" stroke-width=\"1\"\/>\r\n    <path id=\"Tracciato_764\" data-name=\"Tracciato 764\" d=\"M1523.7,2784.376a10,10,0,1,1-10-10,10,10,0,0,1,10,10\" transform=\"translate(-7762.704 -17659.375)\" fill=\"#e52a31\"\/>\r\n    <path id=\"Tracciato_773\" data-name=\"Tracciato 773\" d=\"M28.224-50.4H20.088c-1.08,7.7-7.632,10.152-14.76,10.008v7.7H18V0H28.224ZM41.76-12.96C42.912-4.1,49.392,1.008,58.1,1.008c14.328,0,19.8-14.04,19.8-26.352,0-12.744-4.1-26.064-19.368-26.064-10.512,0-17.64,8.136-17.64,18.432a17.343,17.343,0,0,0,3.888,11.232A16.1,16.1,0,0,0,56.376-16.56c4.9,0,8.568-1.656,11.376-5.616l.144.144C67.608-16.416,65.664-6.7,58.248-6.7c-3.528,0-6.12-2.88-6.768-6.264Zm17.064-11.3c-5.256,0-7.7-4.752-7.7-9.5,0-4.536,2.808-9.216,7.7-9.216,5.112,0,8.136,4.68,8.136,9.36C66.96-28.656,64.3-24.264,58.824-24.264ZM115.992-50.4H81.576v9.5h23.9A73.627,73.627,0,0,0,88.56,0H99.5c.144-13.464,5.9-32.4,16.488-41.616Zm39.384,0H120.96v9.5h23.9A73.627,73.627,0,0,0,127.944,0h10.944c.144-13.464,5.9-32.4,16.488-41.616Z\" transform=\"translate(-6329.352 -14901.459)\"\/>\r\n  <\/g>\r\n<\/svg>\n<\/div>\n\n\n\n<div class=\"wp-block-group TimelineHorizontalScroll_Slide TimelineHorizontalScroll_Slide4\">\n<div style=\"height:60px\" aria-hidden=\"true\" class=\"wp-block-spacer\"><\/div>\n\n\n\n<div class=\"wp-block-group is-style-container bg-white\">\n<p><strong>Entreprise \/ \u00c0 propos<\/strong><\/p>\n\n\n\n<div style=\"height:30px\" aria-hidden=\"true\" class=\"wp-block-spacer\"><\/div>\n\n\n\n<div class=\"wp-block-columns\">\n<div class=\"wp-block-column\">\n<p class=\"is-style-NeueHaasDisplay has-large-font-size\"><strong>Naissance&nbsp;et expansion de la division Spagnol Cucine<\/strong><\/p>\n\n\n\n<div style=\"height:30px\" aria-hidden=\"true\" class=\"wp-block-spacer\"><\/div>\n\n\n\n<p><strong>1987<\/strong> - Les premiers \u00ab brouillons \u00bb de cuisine, embryon de Spagnol Cucine, sont n\u00e9s.<\/p>\n\n\n\n<p>En <strong>1992<\/strong> l\u2019\u00e9volution technologique voit le d\u00e9veloppement de nouvelles installations de production.<\/p>\n<\/div>\n\n\n\n<div class=\"wp-block-column\">\n<figure class=\"wp-block-image size-full\"><img loading=\"lazy\" decoding=\"async\" width=\"900\" height=\"542\" src=\"https:\/\/www.spagnolcucine.it\/wp-content\/uploads\/2023\/09\/divisione-spagnol-cucine.jpg\" alt=\"Spagnol Cucine\" class=\"wp-image-863\" srcset=\"https:\/\/www.spagnolcucine.it\/wp-content\/uploads\/2023\/09\/divisione-spagnol-cucine.jpg 900w, https:\/\/www.spagnolcucine.it\/wp-content\/uploads\/2023\/09\/divisione-spagnol-cucine-768x463.jpg 768w, https:\/\/www.spagnolcucine.it\/wp-content\/uploads\/2023\/09\/divisione-spagnol-cucine-300x181.jpg 300w\" sizes=\"auto, (max-width: 900px) 100vw, 900px\" \/><\/figure>\n\n\n\n<div style=\"height:30px\" aria-hidden=\"true\" class=\"wp-block-spacer\"><\/div>\n<\/div>\n<\/div>\n<\/div>\n\n\n\n<svg class=\"SVGTimeline\" xmlns=\"http:\/\/www.w3.org\/2000\/svg\" width=\"1920\" height=\"544\" viewBox=\"0 0 1920 544\">\r\n  <g id=\"timeline-4\" transform=\"translate(5294 8556)\">\r\n    <rect id=\"Rettangolo_257\" data-name=\"Rettangolo 257\" width=\"1920\" height=\"544\" transform=\"translate(-5294 -8556)\" fill=\"none\"\/>\r\n    <path id=\"Tracciato_769\" data-name=\"Tracciato 769\" d=\"M0-.512,1181.521.2,1013.14-260.513H1920\" transform=\"translate(-5294 -8281.486)\" fill=\"none\" stroke=\"#000\" stroke-width=\"1\"\/>\r\n    <path id=\"Tracciato_771\" data-name=\"Tracciato 771\" d=\"M1523.7,2784.376a10,10,0,1,1-10-10,10,10,0,0,1,10,10\" transform=\"translate(-6470.704 -11066.375)\" fill=\"#e52a31\"\/>\r\n    <path id=\"Tracciato_774\" data-name=\"Tracciato 774\" d=\"M28.224-50.4H20.088c-1.08,7.7-7.632,10.152-14.76,10.008v7.7H18V0H28.224ZM41.76-12.96C42.912-4.1,49.392,1.008,58.1,1.008c14.328,0,19.8-14.04,19.8-26.352,0-12.744-4.1-26.064-19.368-26.064-10.512,0-17.64,8.136-17.64,18.432a17.343,17.343,0,0,0,3.888,11.232A16.1,16.1,0,0,0,56.376-16.56c4.9,0,8.568-1.656,11.376-5.616l.144.144C67.608-16.416,65.664-6.7,58.248-6.7c-3.528,0-6.12-2.88-6.768-6.264Zm17.064-11.3c-5.256,0-7.7-4.752-7.7-9.5,0-4.536,2.808-9.216,7.7-9.216,5.112,0,8.136,4.68,8.136,9.36C66.96-28.656,64.3-24.264,58.824-24.264Zm22.32,11.3C82.3-4.1,88.776,1.008,97.488,1.008c14.328,0,19.8-14.04,19.8-26.352,0-12.744-4.1-26.064-19.368-26.064-10.512,0-17.64,8.136-17.64,18.432a17.343,17.343,0,0,0,3.888,11.232A16.1,16.1,0,0,0,95.76-16.56c4.9,0,8.568-1.656,11.376-5.616l.144.144C106.992-16.416,105.048-6.7,97.632-6.7c-3.528,0-6.12-2.88-6.768-6.264Zm17.064-11.3c-5.256,0-7.7-4.752-7.7-9.5,0-4.536,2.808-9.216,7.7-9.216,5.112,0,8.136,4.68,8.136,9.36C106.344-28.656,103.68-24.264,98.208-24.264Zm32.4-6.768c0-5.328,1.944-11.592,7.992-11.592,4.392,0,7.56,3.024,7.56,7.776-.072,6.192-6.12,9.288-10.584,12.312-8.712,5.9-15.84,10.872-15.912,22.536h37.008V-8.784H132.84c3.672-5.184,9.576-8.064,14.544-11.592s9-7.7,9-15.264c0-9.864-8.064-15.768-17.28-15.768-12.1,0-18.648,8.856-18.288,20.376Z\" transform=\"translate(-5038 -8308.459)\"\/>\r\n  <\/g>\r\n<\/svg>\n<\/div>\n\n\n\n<div class=\"wp-block-group TimelineHorizontalScroll_Slide TimelineHorizontalScroll_Slide4 bg-white has-palette-2-background-color has-background\">\n<div style=\"height:60px\" aria-hidden=\"true\" class=\"wp-block-spacer\"><\/div>\n\n\n\n<div class=\"wp-block-group is-style-container\">\n<p><strong>Entreprise \/ \u00c0 propos<\/strong><\/p>\n\n\n\n<div style=\"height:30px\" aria-hidden=\"true\" class=\"wp-block-spacer\"><\/div>\n\n\n\n<div class=\"wp-block-columns\">\n<div class=\"wp-block-column\">\n<p class=\"is-style-NeueHaasDisplay has-large-font-size\"><strong>Aujourd'hui<\/strong><\/p>\n\n\n\n<div style=\"height:30px\" aria-hidden=\"true\" class=\"wp-block-spacer\"><\/div>\n\n\n\n<p>Un monde en constante \u00e9volution. Aujourd'hui, les cuisines Spagnol sont pr\u00e9sentes dans de nombreux pays avec une proposition d'ameublement toujours actuelle et internationale.<\/p>\n<\/div>\n\n\n\n<div class=\"wp-block-column\">\n<figure class=\"wp-block-image size-full\"><img loading=\"lazy\" decoding=\"async\" width=\"900\" height=\"566\" src=\"https:\/\/www.spagnolcucine.it\/wp-content\/uploads\/2023\/09\/spagnol-azienda-storia.jpg\" alt=\"50 anni Spagnol\" class=\"wp-image-867\" srcset=\"https:\/\/www.spagnolcucine.it\/wp-content\/uploads\/2023\/09\/spagnol-azienda-storia.jpg 900w, https:\/\/www.spagnolcucine.it\/wp-content\/uploads\/2023\/09\/spagnol-azienda-storia-768x483.jpg 768w, https:\/\/www.spagnolcucine.it\/wp-content\/uploads\/2023\/09\/spagnol-azienda-storia-300x189.jpg 300w\" sizes=\"auto, (max-width: 900px) 100vw, 900px\" \/><\/figure>\n\n\n\n<div style=\"height:30px\" aria-hidden=\"true\" class=\"wp-block-spacer\"><\/div>\n\n\n\n<p>Les cuisines Spagnol sont distribu\u00e9es dans le monde entier gr\u00e2ce \u00e0 une vision entrepreneuriale strat\u00e9gique et \u00e0 un design contemporain et \u00e0 l'avant-garde.<\/p>\n<\/div>\n<\/div>\n<\/div>\n\n\n\n<svg class=\"SVGTimeline\" xmlns=\"http:\/\/www.w3.org\/2000\/svg\" width=\"1920\" height=\"804\" viewBox=\"0 0 1920 804\">\r\n  <g id=\"timeline-5\" transform=\"translate(3374 8816)\">\r\n    <rect id=\"Rettangolo_251\" data-name=\"Rettangolo 251\" width=\"1920\" height=\"804\" transform=\"translate(-3374 -8816)\" fill=\"none\"\/>\r\n    <path id=\"Tracciato_768\" data-name=\"Tracciato 768\" d=\"M0,0H1920\" transform=\"translate(-3374 -8542)\" fill=\"none\" stroke=\"#000\" stroke-width=\"1\"\/>\r\n    <path id=\"Tracciato_764\" data-name=\"Tracciato 764\" d=\"M1523.7,2784.376a10,10,0,1,1-10-10,10,10,0,0,1,10,10\" transform=\"translate(-4550.704 -11326.375)\" fill=\"#e52a31\"\/>\r\n  <\/g>\r\n<\/svg>\n<\/div>\n<\/div>\n\n\n\n<div class=\"TimelineNavigationItems\"><div id=\"TimelineNavigationItemsNav_Left\" class=\"TimelineNavigationItemsNav TimelineNavigationItemsNav_Left\"><svg xmlns=\"http:\/\/www.w3.org\/2000\/svg\" width=\"149\" height=\"149\" viewBox=\"0 0 149 149\">\r\n  <g id=\"Raggruppa_199\" data-name=\"Raggruppa 199\" transform=\"translate(-11882 3022) rotate(180)\">\r\n    <path id=\"Tracciato_776\" data-name=\"Tracciato 776\" d=\"M1924.09,2469.77l31.762,31.957-30.861,31.037\" transform=\"translate(-13896.59 446.73)\" fill=\"rgba(0,0,0,0)\" stroke=\"#e72132\" stroke-linecap=\"round\" stroke-linejoin=\"round\" stroke-width=\"2\"\/>\r\n    <g id=\"Ellisse_9\" data-name=\"Ellisse 9\" transform=\"translate(-12031 2873)\" fill=\"none\" stroke=\"#e72132\" stroke-width=\"1\">\r\n      <circle cx=\"74.5\" cy=\"74.5\" r=\"74.5\" stroke=\"none\"\/>\r\n      <circle cx=\"74.5\" cy=\"74.5\" r=\"74\" fill=\"none\"\/>\r\n    <\/g>\r\n  <\/g>\r\n<\/svg>\r\n<\/div><div id=\"TimelineNavigationItemsNav_Right\" class=\"TimelineNavigationItemsNav TimelineNavigationItemsNav_Right\"><svg xmlns=\"http:\/\/www.w3.org\/2000\/svg\" width=\"149\" height=\"149\" viewBox=\"0 0 149 149\">\r\n  <g id=\"Raggruppa_199\" data-name=\"Raggruppa 199\" transform=\"translate(12031 -2873)\">\r\n    <path id=\"Tracciato_776\" data-name=\"Tracciato 776\" d=\"M1924.09,2469.77l31.762,31.957-30.861,31.037\" transform=\"translate(-13896.59 446.73)\" fill=\"rgba(0,0,0,0)\" stroke=\"#e72132\" stroke-linecap=\"round\" stroke-linejoin=\"round\" stroke-width=\"2\"\/>\r\n    <g id=\"Ellisse_9\" data-name=\"Ellisse 9\" transform=\"translate(-12031 2873)\" fill=\"none\" stroke=\"#e72132\" stroke-width=\"1\">\r\n      <circle cx=\"74.5\" cy=\"74.5\" r=\"74.5\" stroke=\"none\"\/>\r\n      <circle cx=\"74.5\" cy=\"74.5\" r=\"74\" fill=\"none\"\/>\r\n    <\/g>\r\n  <\/g>\r\n<\/svg>\r\n<\/div><\/div>\n<\/div>\n\n\n\n<div class=\"wp-block-group has-palette-2-background-color has-background\">\n<div style=\"height:60px\" aria-hidden=\"true\" class=\"wp-block-spacer\"><\/div>\n\n\n\n<div class=\"wp-block-group is-style-container\">\n<p class=\"has-black-color has-text-color\"><strong>Entreprise&nbsp;\/ Personnes<\/strong><\/p>\n\n\n\n<div style=\"height:30px\" aria-hidden=\"true\" class=\"wp-block-spacer\"><\/div>\n\n\n\n<div class=\"wp-block-columns\">\n<div class=\"wp-block-column\">\n<figure class=\"wp-block-image size-full\"><img loading=\"lazy\" decoding=\"async\" width=\"403\" height=\"516\" src=\"https:\/\/www.spagnolcucine.it\/wp-content\/uploads\/2023\/07\/profilo-silvan-spagnol.jpg\" alt=\"Silvan Spagnol\" class=\"wp-image-328\" srcset=\"https:\/\/www.spagnolcucine.it\/wp-content\/uploads\/2023\/07\/profilo-silvan-spagnol.jpg 403w, https:\/\/www.spagnolcucine.it\/wp-content\/uploads\/2023\/07\/profilo-silvan-spagnol-234x300.jpg 234w\" sizes=\"auto, (max-width: 403px) 100vw, 403px\" \/><\/figure>\n<\/div>\n\n\n\n<div class=\"wp-block-column\">\n<p class=\"is-style-NeueHaasDisplay has-large-font-size\"><strong>\"Sans \u00e9gal\"<\/strong><\/p>\n\n\n\n<p>Les cuisines Spagnol sont le produit d'une industrie prestigieuse et moderne, bas\u00e9e \u00e0 Vidor, \u00e0 quelques kilom\u00e8tres de Venise.<\/p>\n\n\n\n<p>Notre philosophie peut se r\u00e9sumer en quelques mots: \u00abIn\u00e9galable, au service de nos clients \u00bb.<\/p>\n\n\n\n<p><br>Mais, si l'expliquer est simple, son application n\u00e9cessite un grand engagement \u00e0 tous les niveaux de l'organisation : du personnel hautement qualifi\u00e9, en Italie et \u00e0 l'\u00e9tranger, aux fonctionnaires comp\u00e9tents, en passant par les travailleurs experts form\u00e9s \u00e0 chaque m\u00e9thodologie op\u00e9rationnelle.<\/p>\n\n\n\n<p>\u00ab Sans \u00e9gal \u00bb est naturellement aussi l'espace d\u00e9di\u00e9 \u00e0 la production, toujours \u00e0 l'avant-garde en termes de structures, d'\u00e9quipements et d'installations. C'est ici que nous cr\u00e9ons des modules de base de diff\u00e9rentes tailles, avec une gamme de produits \u00e9tendue qui va bien au-del\u00e0 des attentes du march\u00e9.<\/p>\n\n\n\n<p>Des produits con\u00e7us pour durer dans le temps, pour satisfaire tous les besoins d'ameublement, aujourd'hui et demain.<\/p>\n\n\n\n<p><strong>Silvan Spagnol - CEO<\/strong><\/p>\n<\/div>\n<\/div>\n<\/div>\n\n\n\n<div style=\"height:60px\" aria-hidden=\"true\" class=\"wp-block-spacer\"><\/div>\n<\/div>\n\n\n\n<div class=\"wp-block-group is-style-container bg-white has-white-background-color has-background\">\n<div style=\"height:60px\" aria-hidden=\"true\" class=\"wp-block-spacer\"><\/div>\n\n\n\n<p class=\"has-black-color has-text-color\"><strong>Entreprise \/ La zone<\/strong><\/p>\n\n\n\n<div style=\"height:30px\" aria-hidden=\"true\" class=\"wp-block-spacer\"><\/div>\n\n\n\n<p class=\"is-style-NeueHaasDisplay has-large-font-size\"><strong>Une tradition qui coule&nbsp;ses racines dans le territoire<\/strong><\/p>\n\n\n\n<div style=\"height:60px\" aria-hidden=\"true\" class=\"wp-block-spacer\"><\/div>\n\n\n\n<div class=\"wp-block-columns\">\n<div class=\"wp-block-column\">\n<figure class=\"wp-block-image size-full\"><img loading=\"lazy\" decoding=\"async\" width=\"678\" height=\"659\" src=\"https:\/\/www.spagnolcucine.it\/wp-content\/uploads\/2023\/07\/il-territorio.png\" alt=\"dove siamo\" class=\"wp-image-343\" srcset=\"https:\/\/www.spagnolcucine.it\/wp-content\/uploads\/2023\/07\/il-territorio.png 678w, https:\/\/www.spagnolcucine.it\/wp-content\/uploads\/2023\/07\/il-territorio-300x292.png 300w\" sizes=\"auto, (max-width: 678px) 100vw, 678px\" \/><\/figure>\n<\/div>\n\n\n\n<div class=\"wp-block-column\">\n<p>Imaginez une r\u00e9alit\u00e9 industrielle dans laquelle travaillent de nombreux artisans qualifi\u00e9s qui, de g\u00e9n\u00e9ration en g\u00e9n\u00e9ration, contribuent \u00e0 accro\u00eetre les comp\u00e9tences d'un district dans lequel leurs p\u00e8res ont \u00e9galement travaill\u00e9.<\/p>\n\n\n\n<p>Spagnol Cucine est exactement cela, une entreprise innovante construite sur les traditions, o\u00f9 la qualit\u00e9 commence par le choix des mat\u00e9riaux et est infus\u00e9e dans la r\u00e9alisation de cuisines qui maximisent l'esth\u00e9tique, la performance et la durabilit\u00e9 dans le temps.<\/p>\n\n\n\n<p><strong>Pour un authentique Made in Italy<\/strong><\/p>\n\n\n\n<div style=\"height:60px\" aria-hidden=\"true\" class=\"wp-block-spacer\"><\/div>\n\n\n\n<figure class=\"wp-block-image size-full\"><img loading=\"lazy\" decoding=\"async\" width=\"1920\" height=\"1280\" src=\"https:\/\/www.spagnolcucine.it\/wp-content\/uploads\/2023\/09\/SPAGNOL-Azienda.jpg\" alt=\"\" class=\"wp-image-853\" srcset=\"https:\/\/www.spagnolcucine.it\/wp-content\/uploads\/2023\/09\/SPAGNOL-Azienda.jpg 1920w, https:\/\/www.spagnolcucine.it\/wp-content\/uploads\/2023\/09\/SPAGNOL-Azienda-1600x1067.jpg 1600w, https:\/\/www.spagnolcucine.it\/wp-content\/uploads\/2023\/09\/SPAGNOL-Azienda-768x512.jpg 768w, https:\/\/www.spagnolcucine.it\/wp-content\/uploads\/2023\/09\/SPAGNOL-Azienda-1536x1024.jpg 1536w, https:\/\/www.spagnolcucine.it\/wp-content\/uploads\/2023\/09\/SPAGNOL-Azienda-300x200.jpg 300w, https:\/\/www.spagnolcucine.it\/wp-content\/uploads\/2023\/09\/SPAGNOL-Azienda-1050x700.jpg 1050w, https:\/\/www.spagnolcucine.it\/wp-content\/uploads\/2023\/09\/SPAGNOL-Azienda-600x400.jpg 600w\" sizes=\"auto, (max-width: 1920px) 100vw, 1920px\" \/><\/figure>\n<\/div>\n<\/div>\n<\/div>\n\n\n\n<div style=\"height:60px\" aria-hidden=\"true\" class=\"wp-block-spacer\"><\/div>\n","protected":false},"excerpt":{"rendered":"<p>Le savoir-faire d&rsquo;un district. La force d&rsquo;un groupe. Vision R\u00e9aliser des environnements de vie modulaires, extr\u00eamement personnalisables, dans lequel chaque [&hellip;]<\/p>\n","protected":false},"author":2,"featured_media":0,"parent":0,"menu_order":0,"comment_status":"closed","ping_status":"closed","template":"","meta":{"_acf_changed":false,"inline_featured_image":false,"footnotes":""},"class_list":["post-2551","page","type-page","status-publish","hentry"],"acf":[],"yoast_head":"<title>Spagnol Cucine - Entreprise<\/title>\n<meta name=\"description\" content=\"Le savoir-faire d&#039;un district. La force d&#039;un groupe.\" \/>\n<meta name=\"robots\" content=\"index, follow, max-snippet:-1, max-image-preview:large, max-video-preview:-1\" \/>\n<link rel=\"canonical\" href=\"https:\/\/www.spagnolcucine.it\/fr\/entreprise\/\" \/>\n<meta property=\"og:locale\" content=\"fr_FR\" \/>\n<meta property=\"og:type\" content=\"article\" \/>\n<meta property=\"og:title\" content=\"Spagnol Cucine - Entreprise\" \/>\n<meta property=\"og:description\" content=\"Le savoir-faire d&#039;un district. La force d&#039;un groupe.\" \/>\n<meta property=\"og:url\" content=\"https:\/\/www.spagnolcucine.it\/fr\/entreprise\/\" \/>\n<meta property=\"og:site_name\" content=\"Spagnol Cucine\" \/>\n<meta property=\"article:publisher\" content=\"https:\/\/www.facebook.com\/spagnolcucinesrl\" \/>\n<meta property=\"article:modified_time\" content=\"2024-09-11T12:42:51+00:00\" \/>\n<meta property=\"og:image\" content=\"https:\/\/www.spagnolcucine.it\/wp-content\/uploads\/2023\/07\/spagnol-timeline-1.jpg\" \/>\n<meta name=\"twitter:card\" content=\"summary_large_image\" \/>\n<meta name=\"twitter:label1\" content=\"Dur\u00e9e de lecture estim\u00e9e\" \/>\n\t<meta name=\"twitter:data1\" content=\"5 minutes\" \/>\n<script type=\"application\/ld+json\" class=\"yoast-schema-graph\">{\"@context\":\"https:\/\/schema.org\",\"@graph\":[{\"@type\":\"WebPage\",\"@id\":\"https:\/\/www.spagnolcucine.it\/fr\/entreprise\/\",\"url\":\"https:\/\/www.spagnolcucine.it\/fr\/entreprise\/\",\"name\":\"Spagnol Cucine - Entreprise\",\"isPartOf\":{\"@id\":\"https:\/\/www.spagnolcucine.it\/#website\"},\"primaryImageOfPage\":{\"@id\":\"https:\/\/www.spagnolcucine.it\/fr\/entreprise\/#primaryimage\"},\"image\":{\"@id\":\"https:\/\/www.spagnolcucine.it\/fr\/entreprise\/#primaryimage\"},\"thumbnailUrl\":\"https:\/\/www.spagnolcucine.it\/wp-content\/uploads\/2023\/07\/spagnol-timeline-1.jpg\",\"datePublished\":\"2024-09-02T11:45:31+00:00\",\"dateModified\":\"2024-09-11T12:42:51+00:00\",\"description\":\"Le savoir-faire d'un district. La force d'un groupe.\",\"inLanguage\":\"fr-FR\",\"potentialAction\":[{\"@type\":\"ReadAction\",\"target\":[\"https:\/\/www.spagnolcucine.it\/fr\/entreprise\/\"]}]},{\"@type\":\"ImageObject\",\"inLanguage\":\"fr-FR\",\"@id\":\"https:\/\/www.spagnolcucine.it\/fr\/entreprise\/#primaryimage\",\"url\":\"https:\/\/www.spagnolcucine.it\/wp-content\/uploads\/2023\/07\/spagnol-timeline-1.jpg\",\"contentUrl\":\"https:\/\/www.spagnolcucine.it\/wp-content\/uploads\/2023\/07\/spagnol-timeline-1.jpg\"},{\"@type\":\"WebSite\",\"@id\":\"https:\/\/www.spagnolcucine.it\/#website\",\"url\":\"https:\/\/www.spagnolcucine.it\/\",\"name\":\"Spagnol Cucine\",\"description\":\"DESIGNED FOR LIFE\",\"publisher\":{\"@id\":\"https:\/\/www.spagnolcucine.it\/#organization\"},\"potentialAction\":[{\"@type\":\"SearchAction\",\"target\":{\"@type\":\"EntryPoint\",\"urlTemplate\":\"https:\/\/www.spagnolcucine.it\/?s={search_term_string}\"},\"query-input\":{\"@type\":\"PropertyValueSpecification\",\"valueRequired\":true,\"valueName\":\"search_term_string\"}}],\"inLanguage\":\"fr-FR\"},{\"@type\":\"Organization\",\"@id\":\"https:\/\/www.spagnolcucine.it\/#organization\",\"name\":\"Spagnol Cucine\",\"url\":\"https:\/\/www.spagnolcucine.it\/\",\"logo\":{\"@type\":\"ImageObject\",\"inLanguage\":\"fr-FR\",\"@id\":\"https:\/\/www.spagnolcucine.it\/#\/schema\/logo\/image\/\",\"url\":\"https:\/\/www.spagnolcucine.it\/wp-content\/uploads\/2023\/06\/spagnol-cucine-logo-black.svg\",\"contentUrl\":\"https:\/\/www.spagnolcucine.it\/wp-content\/uploads\/2023\/06\/spagnol-cucine-logo-black.svg\",\"width\":270,\"height\":41,\"caption\":\"Spagnol Cucine\"},\"image\":{\"@id\":\"https:\/\/www.spagnolcucine.it\/#\/schema\/logo\/image\/\"},\"sameAs\":[\"https:\/\/www.facebook.com\/spagnolcucinesrl\",\"http:\/\/linkedin.com\/company\/spagnol-cucine\",\"https:\/\/www.instagram.com\/spagnolcucinelb\/\",\"https:\/\/www.pinterest.it\/spagnolcucinelb\"]}]}<\/script>","yoast_head_json":{"title":"Spagnol Cucine - Entreprise","description":"Le savoir-faire d'un district. La force d'un groupe.","robots":{"index":"index","follow":"follow","max-snippet":"max-snippet:-1","max-image-preview":"max-image-preview:large","max-video-preview":"max-video-preview:-1"},"canonical":"https:\/\/www.spagnolcucine.it\/fr\/entreprise\/","og_locale":"fr_FR","og_type":"article","og_title":"Spagnol Cucine - Entreprise","og_description":"Le savoir-faire d'un district. La force d'un groupe.","og_url":"https:\/\/www.spagnolcucine.it\/fr\/entreprise\/","og_site_name":"Spagnol Cucine","article_publisher":"https:\/\/www.facebook.com\/spagnolcucinesrl","article_modified_time":"2024-09-11T12:42:51+00:00","og_image":[{"url":"https:\/\/www.spagnolcucine.it\/wp-content\/uploads\/2023\/07\/spagnol-timeline-1.jpg","type":"","width":"","height":""}],"twitter_card":"summary_large_image","twitter_misc":{"Dur\u00e9e de lecture estim\u00e9e":"5 minutes"},"schema":{"@context":"https:\/\/schema.org","@graph":[{"@type":"WebPage","@id":"https:\/\/www.spagnolcucine.it\/fr\/entreprise\/","url":"https:\/\/www.spagnolcucine.it\/fr\/entreprise\/","name":"Spagnol Cucine - Entreprise","isPartOf":{"@id":"https:\/\/www.spagnolcucine.it\/#website"},"primaryImageOfPage":{"@id":"https:\/\/www.spagnolcucine.it\/fr\/entreprise\/#primaryimage"},"image":{"@id":"https:\/\/www.spagnolcucine.it\/fr\/entreprise\/#primaryimage"},"thumbnailUrl":"https:\/\/www.spagnolcucine.it\/wp-content\/uploads\/2023\/07\/spagnol-timeline-1.jpg","datePublished":"2024-09-02T11:45:31+00:00","dateModified":"2024-09-11T12:42:51+00:00","description":"Le savoir-faire d'un district. La force d'un groupe.","inLanguage":"fr-FR","potentialAction":[{"@type":"ReadAction","target":["https:\/\/www.spagnolcucine.it\/fr\/entreprise\/"]}]},{"@type":"ImageObject","inLanguage":"fr-FR","@id":"https:\/\/www.spagnolcucine.it\/fr\/entreprise\/#primaryimage","url":"https:\/\/www.spagnolcucine.it\/wp-content\/uploads\/2023\/07\/spagnol-timeline-1.jpg","contentUrl":"https:\/\/www.spagnolcucine.it\/wp-content\/uploads\/2023\/07\/spagnol-timeline-1.jpg"},{"@type":"WebSite","@id":"https:\/\/www.spagnolcucine.it\/#website","url":"https:\/\/www.spagnolcucine.it\/","name":"Spagnol Cucine","description":"DESIGNED FOR LIFE","publisher":{"@id":"https:\/\/www.spagnolcucine.it\/#organization"},"potentialAction":[{"@type":"SearchAction","target":{"@type":"EntryPoint","urlTemplate":"https:\/\/www.spagnolcucine.it\/?s={search_term_string}"},"query-input":{"@type":"PropertyValueSpecification","valueRequired":true,"valueName":"search_term_string"}}],"inLanguage":"fr-FR"},{"@type":"Organization","@id":"https:\/\/www.spagnolcucine.it\/#organization","name":"Spagnol Cucine","url":"https:\/\/www.spagnolcucine.it\/","logo":{"@type":"ImageObject","inLanguage":"fr-FR","@id":"https:\/\/www.spagnolcucine.it\/#\/schema\/logo\/image\/","url":"https:\/\/www.spagnolcucine.it\/wp-content\/uploads\/2023\/06\/spagnol-cucine-logo-black.svg","contentUrl":"https:\/\/www.spagnolcucine.it\/wp-content\/uploads\/2023\/06\/spagnol-cucine-logo-black.svg","width":270,"height":41,"caption":"Spagnol Cucine"},"image":{"@id":"https:\/\/www.spagnolcucine.it\/#\/schema\/logo\/image\/"},"sameAs":["https:\/\/www.facebook.com\/spagnolcucinesrl","http:\/\/linkedin.com\/company\/spagnol-cucine","https:\/\/www.instagram.com\/spagnolcucinelb\/","https:\/\/www.pinterest.it\/spagnolcucinelb"]}]}},"_links":{"self":[{"href":"https:\/\/www.spagnolcucine.it\/fr\/wp-json\/wp\/v2\/pages\/2551","targetHints":{"allow":["GET"]}}],"collection":[{"href":"https:\/\/www.spagnolcucine.it\/fr\/wp-json\/wp\/v2\/pages"}],"about":[{"href":"https:\/\/www.spagnolcucine.it\/fr\/wp-json\/wp\/v2\/types\/page"}],"author":[{"embeddable":true,"href":"https:\/\/www.spagnolcucine.it\/fr\/wp-json\/wp\/v2\/users\/2"}],"replies":[{"embeddable":true,"href":"https:\/\/www.spagnolcucine.it\/fr\/wp-json\/wp\/v2\/comments?post=2551"}],"version-history":[{"count":6,"href":"https:\/\/www.spagnolcucine.it\/fr\/wp-json\/wp\/v2\/pages\/2551\/revisions"}],"predecessor-version":[{"id":3067,"href":"https:\/\/www.spagnolcucine.it\/fr\/wp-json\/wp\/v2\/pages\/2551\/revisions\/3067"}],"wp:attachment":[{"href":"https:\/\/www.spagnolcucine.it\/fr\/wp-json\/wp\/v2\/media?parent=2551"}],"curies":[{"name":"wp","href":"https:\/\/api.w.org\/{rel}","templated":true}]}}